{"id":1086,"date":"2021-01-22T21:26:34","date_gmt":"2021-01-22T20:26:34","guid":{"rendered":"https:\/\/www.frauen-von-schoenstatt.de\/ueber-uns\/el-fundador-y-las-cofundadoras\/"},"modified":"2021-03-17T21:36:44","modified_gmt":"2021-03-17T20:36:44","slug":"el-fundador-y-las-cofundadoras","status":"publish","type":"page","link":"https:\/\/www.frauen-von-schoenstatt.de\/es\/sobre-nosotras\/el-fundador-y-las-cofundadoras\/","title":{"rendered":"El fundador y las cofundadoras"},"content":{"rendered":"\t\t<div data-elementor-type=\"wp-page\" data-elementor-id=\"1086\" class=\"elementor elementor-1086 elementor-48\" data-elementor-post-type=\"page\">\n\t\t\t\t\t\t<section class=\"elementor-section elementor-top-section elementor-element elementor-element-59efbb72 elementor-section-height-min-height elementor-section-boxed elementor-section-height-default elementor-section-items-middle elementor-columns-alignment-fix-enabled\" data-id=\"59efbb72\" data-element_type=\"section\" data-e-type=\"section\" data-settings=\"{&quot;background_background&quot;:&quot;classic&quot;,&quot;background_motion_fx_motion_fx_scrolling&quot;:&quot;yes&quot;,&quot;background_motion_fx_translateY_effect&quot;:&quot;yes&quot;,&quot;background_motion_fx_translateY_direction&quot;:&quot;negative&quot;,&quot;background_motion_fx_translateY_speed&quot;:{&quot;unit&quot;:&quot;px&quot;,&quot;size&quot;:2.5,&quot;sizes&quot;:[]},&quot;background_motion_fx_translateY_affectedRange&quot;:{&quot;unit&quot;:&quot;%&quot;,&quot;size&quot;:&quot;&quot;,&quot;sizes&quot;:{&quot;start&quot;:0,&quot;end&quot;:100}},&quot;background_motion_fx_devices&quot;:[&quot;desktop&quot;,&quot;tablet&quot;,&quot;mobile&quot;]}\">\n\t\t\t\t\t\t<div class=\"elementor-container elementor-column-gap-default\">\n\t\t\t\t\t<div class=\"elementor-column elementor-col-100 elementor-top-column elementor-element elementor-element-5a2e6c37\" data-id=\"5a2e6c37\" data-element_type=\"column\" data-e-type=\"column\" data-settings=\"{&quot;background_background&quot;:&quot;classic&quot;}\">\n\t\t\t<div class=\"elementor-widget-wrap\">\n\t\t\t\t\t\t\t<\/div>\n\t\t<\/div>\n\t\t\t\t\t<\/div>\n\t\t<\/section>\n\t\t\t\t<section class=\"elementor-section elementor-top-section elementor-element elementor-element-dd1c96a elementor-section-boxed elementor-section-height-default elementor-section-height-default elementor-columns-alignment-fix-enabled\" data-id=\"dd1c96a\" data-element_type=\"section\" data-e-type=\"section\">\n\t\t\t\t\t\t<div class=\"elementor-container elementor-column-gap-default\">\n\t\t\t\t\t<div class=\"elementor-column elementor-col-100 elementor-top-column elementor-element elementor-element-31d6342\" data-id=\"31d6342\" data-element_type=\"column\" data-e-type=\"column\">\n\t\t\t<div class=\"elementor-widget-wrap elementor-element-populated\">\n\t\t\t\t\t\t<div class=\"elementor-element elementor-element-f935e54 elementor-widget elementor-widget-heading\" data-id=\"f935e54\" data-element_type=\"widget\" data-e-type=\"widget\" data-widget_type=\"heading.default\">\n\t\t\t\t<div class=\"elementor-widget-container\">\n\t\t\t\t\t<h1 class=\"elementor-heading-title elementor-size-default\">El fundador y las cofundadoras<\/h1>\t\t\t\t<\/div>\n\t\t\t\t<\/div>\n\t\t\t\t\t<\/div>\n\t\t<\/div>\n\t\t\t\t\t<\/div>\n\t\t<\/section>\n\t\t\t\t<section class=\"elementor-section elementor-top-section elementor-element elementor-element-9bc853d elementor-section-boxed elementor-section-height-default elementor-section-height-default elementor-columns-alignment-fix-enabled\" data-id=\"9bc853d\" data-element_type=\"section\" data-e-type=\"section\">\n\t\t\t\t\t\t<div class=\"elementor-container elementor-column-gap-default\">\n\t\t\t\t\t<div class=\"elementor-column elementor-col-100 elementor-top-column elementor-element elementor-element-72b3885\" data-id=\"72b3885\" data-element_type=\"column\" data-e-type=\"column\">\n\t\t\t<div class=\"elementor-widget-wrap elementor-element-populated\">\n\t\t\t\t\t\t<div class=\"elementor-element elementor-element-9e54b07 elementor-align-center elementor-widget elementor-widget-button\" data-id=\"9e54b07\" data-element_type=\"widget\" data-e-type=\"widget\" data-widget_type=\"button.default\">\n\t\t\t\t<div class=\"elementor-widget-container\">\n\t\t\t\t\t\t\t\t\t<div class=\"elementor-button-wrapper\">\n\t\t\t\t\t<a class=\"elementor-button elementor-button-link elementor-size-lg\" href=\"https:\/\/schoenstatt.com\/acerca-de\/founder\/?lang=es\" target=\"_blank\">\n\t\t\t\t\t\t<span class=\"elementor-button-content-wrapper\">\n\t\t\t\t\t\t<span class=\"elementor-button-icon\">\n\t\t\t\t<i aria-hidden=\"true\" class=\"fas fa-external-link-alt\"><\/i>\t\t\t<\/span>\n\t\t\t\t\t\t\t\t\t<span class=\"elementor-button-text\">P. Jos\u00e9 Kentenich<\/span>\n\t\t\t\t\t<\/span>\n\t\t\t\t\t<\/a>\n\t\t\t\t<\/div>\n\t\t\t\t\t\t\t\t<\/div>\n\t\t\t\t<\/div>\n\t\t\t\t\t<\/div>\n\t\t<\/div>\n\t\t\t\t\t<\/div>\n\t\t<\/section>\n\t\t\t\t<section class=\"elementor-section elementor-top-section elementor-element elementor-element-2977d7c elementor-section-boxed elementor-section-height-default elementor-section-height-default elementor-columns-alignment-fix-enabled\" data-id=\"2977d7c\" data-element_type=\"section\" data-e-type=\"section\">\n\t\t\t\t\t\t<div class=\"elementor-container elementor-column-gap-wide\">\n\t\t\t\t\t<div class=\"elementor-column elementor-col-50 elementor-top-column elementor-element elementor-element-5dfff89\" data-id=\"5dfff89\" data-element_type=\"column\" data-e-type=\"column\">\n\t\t\t<div class=\"elementor-widget-wrap elementor-element-populated\">\n\t\t\t\t\t\t<div class=\"elementor-element elementor-element-071268f eael-infobox-shape-circle eael-infobox-hover-img-shape-circle eael-infobox-content-align--center elementor-widget elementor-widget-eael-info-box\" data-id=\"071268f\" data-element_type=\"widget\" data-e-type=\"widget\" data-widget_type=\"eael-info-box.default\">\n\t\t\t\t<div class=\"elementor-widget-container\">\n\t\t\t\t\t        <div class=\"eael-infobox icon-on-top\">\n\t            <div class=\"infobox-icon\">\n\n                            <img decoding=\"async\" src=\"https:\/\/www.frauen-von-schoenstatt.de\/wp-content\/uploads\/2019\/09\/Schm\u00e4h_1x1-sepia-300x300.jpg\" alt=\"\">\n            \n            \n            \n        <\/div>\n            <div class=\"infobox-content\">\n                    <div class=\"infobox-title-section\">\n                <h2 class=\"title\">Liesel Schm\u00e4h (1901-1983)<\/h2>            <\/div>\n            <div><p>Una mujer impresionante: maternal, entusiasta, piadosa y transparente.<\/p>\n<\/div>        <div class=\"infobox-button\">\n            <a class=\"eael-infobox-button\" href=\"https:\/\/www.frauen-von-schoenstatt.de\/es\/sobre-nosotras\/el-fundador-y-las-cofundadoras\/liesel-schmaeh-1901-1983\/\">\n                                                <span class=\"infobox-button-text\">Vita<\/span>\n                            <\/a>\n        <\/div>\n            <\/div>\n            <\/div>\n\n\t\t\t\t\t\t<\/div>\n\t\t\t\t<\/div>\n\t\t\t\t\t<\/div>\n\t\t<\/div>\n\t\t\t\t<div class=\"elementor-column elementor-col-50 elementor-top-column elementor-element elementor-element-950efef\" data-id=\"950efef\" data-element_type=\"column\" data-e-type=\"column\">\n\t\t\t<div class=\"elementor-widget-wrap elementor-element-populated\">\n\t\t\t\t\t\t<div class=\"elementor-element elementor-element-2e5c4f0 eael-infobox-shape-circle eael-infobox-hover-img-shape-circle eael-infobox-content-align--center elementor-widget elementor-widget-eael-info-box\" data-id=\"2e5c4f0\" data-element_type=\"widget\" data-e-type=\"widget\" data-widget_type=\"eael-info-box.default\">\n\t\t\t\t<div class=\"elementor-widget-container\">\n\t\t\t\t\t        <div class=\"eael-infobox icon-on-top\">\n\t            <div class=\"infobox-icon\">\n\n                            <img decoding=\"async\" src=\"https:\/\/www.frauen-von-schoenstatt.de\/wp-content\/uploads\/2019\/09\/Gertrud-Gramlich-Portr\u00e4t_1x1-sepia-300x300.jpg\" alt=\"Gertrud Gramlich\">\n            \n            \n            \n        <\/div>\n            <div class=\"infobox-content\">\n                    <div class=\"infobox-title-section\">\n                <h2 class=\"title\">Gertrud Gramlich (1909-1994)<\/h2>            <\/div>\n            <div><p>Una gran mujer de en\u00e9rgica personalidad en un tiempo intenso y agitado.<\/p>\n<\/div>        <div class=\"infobox-button\">\n            <a class=\"eael-infobox-button\" href=\"https:\/\/www.frauen-von-schoenstatt.de\/es\/sobre-nosotras\/el-fundador-y-las-cofundadoras\/gertrud-gramlich-1909-1994\/\">\n                                                <span class=\"infobox-button-text\">Vita<\/span>\n                            <\/a>\n        <\/div>\n            <\/div>\n            <\/div>\n\n\t\t\t\t\t\t<\/div>\n\t\t\t\t<\/div>\n\t\t\t\t\t<\/div>\n\t\t<\/div>\n\t\t\t\t\t<\/div>\n\t\t<\/section>\n\t\t\t\t<section class=\"elementor-section elementor-top-section elementor-element elementor-element-1bcf248 elementor-section-boxed elementor-section-height-default elementor-section-height-default elementor-columns-alignment-fix-enabled\" data-id=\"1bcf248\" data-element_type=\"section\" data-e-type=\"section\">\n\t\t\t\t\t\t<div class=\"elementor-container elementor-column-gap-wide\">\n\t\t\t\t\t<div class=\"elementor-column elementor-col-50 elementor-top-column elementor-element elementor-element-09a3793\" data-id=\"09a3793\" data-element_type=\"column\" data-e-type=\"column\">\n\t\t\t<div class=\"elementor-widget-wrap elementor-element-populated\">\n\t\t\t\t\t\t<div class=\"elementor-element elementor-element-44b5e83 eael-infobox-shape-circle eael-infobox-hover-img-shape-circle eael-infobox-content-align--center elementor-widget elementor-widget-eael-info-box\" data-id=\"44b5e83\" data-element_type=\"widget\" data-e-type=\"widget\" data-widget_type=\"eael-info-box.default\">\n\t\t\t\t<div class=\"elementor-widget-container\">\n\t\t\t\t\t        <div class=\"eael-infobox icon-on-top\">\n\t            <div class=\"infobox-icon\">\n\n                            <img decoding=\"async\" src=\"https:\/\/www.frauen-von-schoenstatt.de\/wp-content\/uploads\/2019\/09\/eugenie-mahringer-portrait-1x1-sepia-300x300.jpg\" alt=\"\">\n            \n            \n            \n        <\/div>\n            <div class=\"infobox-content\">\n                    <div class=\"infobox-title-section\">\n                <h2 class=\"title\">Eugenie Mahringer (1906-1988)<\/h2>            <\/div>\n            <div><p>\u00abS\u00e9 en qui\u00e9n he cre\u00eddo.\u00bb<\/p>\n<\/div>        <div class=\"infobox-button\">\n            <a class=\"eael-infobox-button\" href=\"https:\/\/www.frauen-von-schoenstatt.de\/es\/sobre-nosotras\/el-fundador-y-las-cofundadoras\/eugenie-mahringer-1906-1988\/\">\n                                                <span class=\"infobox-button-text\">Vita<\/span>\n                            <\/a>\n        <\/div>\n            <\/div>\n            <\/div>\n\n\t\t\t\t\t\t<\/div>\n\t\t\t\t<\/div>\n\t\t\t\t\t<\/div>\n\t\t<\/div>\n\t\t\t\t<div class=\"elementor-column elementor-col-50 elementor-top-column elementor-element elementor-element-0e084a7\" data-id=\"0e084a7\" data-element_type=\"column\" data-e-type=\"column\">\n\t\t\t<div class=\"elementor-widget-wrap elementor-element-populated\">\n\t\t\t\t\t\t<div class=\"elementor-element elementor-element-ca839fa eael-infobox-shape-circle eael-infobox-hover-img-shape-circle eael-infobox-content-align--center elementor-widget elementor-widget-eael-info-box\" data-id=\"ca839fa\" data-element_type=\"widget\" data-e-type=\"widget\" data-widget_type=\"eael-info-box.default\">\n\t\t\t\t<div class=\"elementor-widget-container\">\n\t\t\t\t\t        <div class=\"eael-infobox icon-on-top\">\n\t            <div class=\"infobox-icon\">\n\n                            <img decoding=\"async\" src=\"https:\/\/www.frauen-von-schoenstatt.de\/wp-content\/uploads\/2019\/09\/Hilfrich_Maria_1x1-sepia-300x300.jpg\" alt=\"\">\n            \n            \n            \n        <\/div>\n            <div class=\"infobox-content\">\n                    <div class=\"infobox-title-section\">\n                <h2 class=\"title\">Maria Hilfrich (1889-1965)<\/h2>            <\/div>\n            <div><p>\u00abSolo Dios basta.\u00bb<\/p>\n<\/div>        <div class=\"infobox-button\">\n            <a class=\"eael-infobox-button\" href=\"https:\/\/www.frauen-von-schoenstatt.de\/es\/sobre-nosotras\/el-fundador-y-las-cofundadoras\/maria-hilfrich-1889-1965\/\">\n                                                <span class=\"infobox-button-text\">Vita<\/span>\n                            <\/a>\n        <\/div>\n            <\/div>\n            <\/div>\n\n\t\t\t\t\t\t<\/div>\n\t\t\t\t<\/div>\n\t\t\t\t\t<\/div>\n\t\t<\/div>\n\t\t\t\t\t<\/div>\n\t\t<\/section>\n\t\t\t\t<section class=\"elementor-section elementor-top-section elementor-element elementor-element-2b5b6c4 elementor-section-boxed elementor-section-height-default elementor-section-height-default elementor-columns-alignment-fix-enabled\" data-id=\"2b5b6c4\" data-element_type=\"section\" data-e-type=\"section\">\n\t\t\t\t\t\t<div class=\"elementor-container elementor-column-gap-wide\">\n\t\t\t\t\t<div class=\"elementor-column elementor-col-50 elementor-top-column elementor-element elementor-element-ccbd5a7\" data-id=\"ccbd5a7\" data-element_type=\"column\" data-e-type=\"column\">\n\t\t\t<div class=\"elementor-widget-wrap elementor-element-populated\">\n\t\t\t\t\t\t<div class=\"elementor-element elementor-element-139ab52 eael-infobox-shape-circle eael-infobox-hover-img-shape-circle eael-infobox-content-align--center elementor-widget elementor-widget-eael-info-box\" data-id=\"139ab52\" data-element_type=\"widget\" data-e-type=\"widget\" data-widget_type=\"eael-info-box.default\">\n\t\t\t\t<div class=\"elementor-widget-container\">\n\t\t\t\t\t        <div class=\"eael-infobox icon-on-top\">\n\t            <div class=\"infobox-icon\">\n\n                            <img decoding=\"async\" src=\"https:\/\/www.frauen-von-schoenstatt.de\/wp-content\/uploads\/2019\/09\/Laufenberg_Maria_1x1-sepia-300x300.jpg\" alt=\"\">\n            \n            \n            \n        <\/div>\n            <div class=\"infobox-content\">\n                    <div class=\"infobox-title-section\">\n                <h2 class=\"title\">Maria Laufenberg (1910-1944)<\/h2>            <\/div>\n            <div><p>\u00ab\u00a1Sed personas de un gran amor: eso es lo decisivo!\u00bb<\/p>\n<\/div>        <div class=\"infobox-button\">\n            <a class=\"eael-infobox-button\" href=\"https:\/\/www.frauen-von-schoenstatt.de\/es\/sobre-nosotras\/el-fundador-y-las-cofundadoras\/maria-laufenberg-1910-1944\/\">\n                                                <span class=\"infobox-button-text\">Vita<\/span>\n                            <\/a>\n        <\/div>\n            <\/div>\n            <\/div>\n\n\t\t\t\t\t\t<\/div>\n\t\t\t\t<\/div>\n\t\t\t\t\t<\/div>\n\t\t<\/div>\n\t\t\t\t<div class=\"elementor-column elementor-col-50 elementor-top-column elementor-element elementor-element-08295ab\" data-id=\"08295ab\" data-element_type=\"column\" data-e-type=\"column\">\n\t\t\t<div class=\"elementor-widget-wrap elementor-element-populated\">\n\t\t\t\t\t\t<div class=\"elementor-element elementor-element-01618ad eael-infobox-shape-circle eael-infobox-hover-img-shape-circle eael-infobox-content-align--center elementor-widget elementor-widget-eael-info-box\" data-id=\"01618ad\" data-element_type=\"widget\" data-e-type=\"widget\" data-widget_type=\"eael-info-box.default\">\n\t\t\t\t<div class=\"elementor-widget-container\">\n\t\t\t\t\t        <div class=\"eael-infobox icon-on-top\">\n\t            <div class=\"infobox-icon\">\n\n                            <img decoding=\"async\" src=\"https:\/\/www.frauen-von-schoenstatt.de\/wp-content\/uploads\/2019\/09\/Holubars_Lotte_1x1-sepia-300x300.jpg\" alt=\"\">\n            \n            \n            \n        <\/div>\n            <div class=\"infobox-content\">\n                    <div class=\"infobox-title-section\">\n                <h2 class=\"title\">Lotte Holubars (1883-1944)<\/h2>            <\/div>\n            <div><p>\u00abYo quisiera ser portadora de Cristo, dadora de Cristo.\u00bb<\/p>\n<\/div>        <div class=\"infobox-button\">\n            <a class=\"eael-infobox-button\" href=\"https:\/\/www.frauen-von-schoenstatt.de\/es\/sobre-nosotras\/el-fundador-y-las-cofundadoras\/lotte-holubars-1883-1944\/\">\n                                                <span class=\"infobox-button-text\">Vita<\/span>\n                            <\/a>\n        <\/div>\n            <\/div>\n            <\/div>\n\n\t\t\t\t\t\t<\/div>\n\t\t\t\t<\/div>\n\t\t\t\t\t<\/div>\n\t\t<\/div>\n\t\t\t\t\t<\/div>\n\t\t<\/section>\n\t\t\t\t<\/div>\n\t\t","protected":false},"excerpt":{"rendered":"<p>El fundador y las cofundadoras P. Jos\u00e9 Kentenich Liesel Schm\u00e4h (1901-1983) Una mujer impresionante: maternal, entusiasta, piadosa y transparente. Vita Gertrud Gramlich (1909-1994) Una gran mujer de en\u00e9rgica personalidad en un tiempo intenso y agitado. Vita Eugenie Mahringer (1906-1988) \u00abS\u00e9 en qui\u00e9n he cre\u00eddo.\u00bb Vita Maria Hilfrich (1889-1965) \u00abSolo Dios basta.\u00bb Vita Maria Laufenberg (1910-1944) &#8230; <a title=\"El fundador y las cofundadoras\" class=\"read-more\" href=\"https:\/\/www.frauen-von-schoenstatt.de\/es\/sobre-nosotras\/el-fundador-y-las-cofundadoras\/\" aria-label=\"Leer m\u00e1s sobre El fundador y las cofundadoras\">Leer m\u00e1s<\/a><\/p>\n","protected":false},"author":1,"featured_media":914,"parent":1042,"menu_order":1,"comment_status":"closed","ping_status":"closed","template":"","meta":{"_acf_changed":false,"footnotes":""},"class_list":["post-1086","page","type-page","status-publish","has-post-thumbnail"],"acf":[],"_links":{"self":[{"href":"https:\/\/www.frauen-von-schoenstatt.de\/es\/wp-json\/wp\/v2\/pages\/1086","targetHints":{"allow":["GET"]}}],"collection":[{"href":"https:\/\/www.frauen-von-schoenstatt.de\/es\/wp-json\/wp\/v2\/pages"}],"about":[{"href":"https:\/\/www.frauen-von-schoenstatt.de\/es\/wp-json\/wp\/v2\/types\/page"}],"author":[{"embeddable":true,"href":"https:\/\/www.frauen-von-schoenstatt.de\/es\/wp-json\/wp\/v2\/users\/1"}],"replies":[{"embeddable":true,"href":"https:\/\/www.frauen-von-schoenstatt.de\/es\/wp-json\/wp\/v2\/comments?post=1086"}],"version-history":[{"count":19,"href":"https:\/\/www.frauen-von-schoenstatt.de\/es\/wp-json\/wp\/v2\/pages\/1086\/revisions"}],"predecessor-version":[{"id":1449,"href":"https:\/\/www.frauen-von-schoenstatt.de\/es\/wp-json\/wp\/v2\/pages\/1086\/revisions\/1449"}],"up":[{"embeddable":true,"href":"https:\/\/www.frauen-von-schoenstatt.de\/es\/wp-json\/wp\/v2\/pages\/1042"}],"wp:featuredmedia":[{"embeddable":true,"href":"https:\/\/www.frauen-von-schoenstatt.de\/es\/wp-json\/wp\/v2\/media\/914"}],"wp:attachment":[{"href":"https:\/\/www.frauen-von-schoenstatt.de\/es\/wp-json\/wp\/v2\/media?parent=1086"}],"curies":[{"name":"wp","href":"https:\/\/api.w.org\/{rel}","templated":true}]}}