{"version":"1.0","provider_name":"S\u00e4kularinstitut Frauen von Sch\u00f6nstatt","provider_url":"https:\/\/www.frauen-von-schoenstatt.de\/es\/","title":"Nostalgia \u2013 Textos de M.T. Gresch &#187; S\u00e4kularinstitut Frauen von Sch\u00f6nstatt","type":"rich","width":600,"height":338,"html":"<blockquote class=\"wp-embedded-content\" data-secret=\"5oRqsP7s94\"><a href=\"https:\/\/www.frauen-von-schoenstatt.de\/es\/rincon-creativo\/maiandacht\/\">Nostalgia \u2013 Textos de M.T. Gresch<\/a><\/blockquote><iframe sandbox=\"allow-scripts\" security=\"restricted\" src=\"https:\/\/www.frauen-von-schoenstatt.de\/es\/rincon-creativo\/maiandacht\/embed\/#?secret=5oRqsP7s94\" width=\"600\" height=\"338\" title=\"\u00abNostalgia \u2013 Textos de M.T. Gresch\u00bb \u2014 S\u00e4kularinstitut Frauen von Sch\u00f6nstatt\" data-secret=\"5oRqsP7s94\" frameborder=\"0\" marginwidth=\"0\" marginheight=\"0\" scrolling=\"no\" class=\"wp-embedded-content\"><\/iframe><script>\n\/*! This file is auto-generated *\/\n!function(d,l){\"use strict\";l.querySelector&&d.addEventListener&&\"undefined\"!=typeof URL&&(d.wp=d.wp||{},d.wp.receiveEmbedMessage||(d.wp.receiveEmbedMessage=function(e){var t=e.data;if((t||t.secret||t.message||t.value)&&!\/[^a-zA-Z0-9]\/.test(t.secret)){for(var s,r,n,a=l.querySelectorAll('iframe[data-secret=\"'+t.secret+'\"]'),o=l.querySelectorAll('blockquote[data-secret=\"'+t.secret+'\"]'),c=new RegExp(\"^https?:$\",\"i\"),i=0;i<o.length;i++)o[i].style.display=\"none\";for(i=0;i<a.length;i++)s=a[i],e.source===s.contentWindow&&(s.removeAttribute(\"style\"),\"height\"===t.message?(1e3<(r=parseInt(t.value,10))?r=1e3:~~r<200&&(r=200),s.height=r):\"link\"===t.message&&(r=new URL(s.getAttribute(\"src\")),n=new URL(t.value),c.test(n.protocol))&&n.host===r.host&&l.activeElement===s&&(d.top.location.href=t.value))}},d.addEventListener(\"message\",d.wp.receiveEmbedMessage,!1),l.addEventListener(\"DOMContentLoaded\",function(){for(var e,t,s=l.querySelectorAll(\"iframe.wp-embedded-content\"),r=0;r<s.length;r++)(t=(e=s[r]).getAttribute(\"data-secret\"))||(t=Math.random().toString(36).substring(2,12),e.src+=\"#?secret=\"+t,e.setAttribute(\"data-secret\",t)),e.contentWindow.postMessage({message:\"ready\",secret:t},\"*\")},!1)))}(window,document);\n\/\/# sourceURL=https:\/\/www.frauen-von-schoenstatt.de\/wp-includes\/js\/wp-embed.min.js\n<\/script>\n","thumbnail_url":"https:\/\/www.frauen-von-schoenstatt.de\/wp-content\/uploads\/2019\/09\/20200109_152937-scaled.jpg","thumbnail_width":2560,"thumbnail_height":1440,"description":"Al caer aquella tarde de mayofuera no hab\u00eda brisa tibia,sino viento y fr\u00edo. Dentro, un pu\u00f1ado de \u00abp\u00edos\u00bbrezaba una devoci\u00f3n marianaante la estatua de Mar\u00eda con el Ni\u00f1o. Para acompa\u00f1ar la ceremoniase entonaban cantos conocidos, ya queridos, pero el clima no era agradableni la atm\u00f3sfera hogare\u00f1a;tampoco ol\u00eda como antes. Tampoco yo soy ya la misma. ... Leer m\u00e1s"}